{"id":418,"date":"2020-02-06T22:50:33","date_gmt":"2020-02-06T21:50:33","guid":{"rendered":"http:\/\/www.kunstinvestor.at\/media\/?page_id=418"},"modified":"2024-10-16T16:08:42","modified_gmt":"2024-10-16T14:08:42","slug":"promotion-redaktion","status":"publish","type":"page","link":"http:\/\/www.kunstinvestor.at\/media\/promotion-redaktion\/","title":{"rendered":"DIE PROMOTION-REDAKTION"},"content":{"rendered":"<table style=\"border-collapse: collapse; width: 100%;\">\n<tbody>\n<tr>\n<td style=\"width: 100%;\">\n<p style=\"text-align: justify;\"><span style=\"font-family: arial, helvetica, sans-serif; font-size: 12pt;\"><img loading=\"lazy\" decoding=\"async\" class=\" wp-image-625 alignleft\" src=\"http:\/\/www.kunstinvestor.at\/media\/wp-content\/uploads\/PSX_20241013_132026.jpg\" alt=\"\" width=\"333\" height=\"332\" srcset=\"http:\/\/www.kunstinvestor.at\/media\/wp-content\/uploads\/PSX_20241013_132026.jpg 481w, http:\/\/www.kunstinvestor.at\/media\/wp-content\/uploads\/PSX_20241013_132026-300x300.jpg 300w, http:\/\/www.kunstinvestor.at\/media\/wp-content\/uploads\/PSX_20241013_132026-150x150.jpg 150w, http:\/\/www.kunstinvestor.at\/media\/wp-content\/uploads\/PSX_20241013_132026-100x100.jpg 100w\" sizes=\"(max-width: 333px) 100vw, 333px\" \/>Unser Redaktions-Team besteht aus Top-Journalisten der besten \u00f6sterreichischen Magazine und Tageszeitungen (<em>Ress-orts Wirtschaft, Politik, Kultur &amp; Lifestyle<\/em>). Sie haben gro\u00dfen Know-how und setzen mit ihrer Profess-ionalit\u00e4t und Kreativit\u00e4t auch Ihr Thema ins richtige Licht. Die Kommunikation braucht neben einer klaren Strategie, begleitende Beratung und perfekte Umsetzung. Konkret bedeutet das: imagef\u00f6rdernde Sichtbarkeit und ma\u00dfgeschneidertes Storytelling.<\/span><\/p>\n<p style=\"text-align: justify;\"><span style=\"font-family: arial, helvetica, sans-serif; font-size: 12pt;\"><strong><em>Nur wer in den Medien vorkommt, wird es in die K\u00f6pfe und Herzen der Menschen schaffen.<\/em><\/strong><\/span><\/p>\n<p style=\"text-align: justify;\"><span style=\"font-family: arial, helvetica, sans-serif; font-size: 12pt;\">Gute und gezielte Medienarbeit kann ma\u00dfgeblich zu Ihrem Gesch\u00e4ftserfolg beitragen.\u00a0<\/span><span style=\"font-family: arial, helvetica, sans-serif; font-size: 12pt;\">Wir verstehen es, komplexe Inhalte allgemein verst\u00e4ndlich und spannend zu kommunizieren und bewahren auch in Krisen einen klaren Kopf. Das sind nur einige unserer St\u00e4rken. Weitere Kompetenzen sind: Mit ma\u00dfgeschneidertem Storytelling und umfangreichen Know-how sorgen wir f\u00fcr exzellente Ver\u00f6ffentlichungen.<\/span><\/p>\n<p><span style=\"font-family: arial, helvetica, sans-serif; font-size: 12pt;\"><strong><span style=\"color: #000000;\">\u00a0 \u00a0 Michael Minassian\u00a0 \u00a0 \u00a0 \u00a0 \u00a0 \u00a0 \u00a0 \u00a0 \u00a0 \u00a0 \u00a0 \u00a0 \u00a0\u00a0<\/span><\/strong><\/span><br \/>\n<span style=\"font-size: 12pt; font-family: arial, helvetica, sans-serif;\"><strong><span style=\"color: #000000;\"><em>Chefredakteur &amp; Herausgeber\u00a0 \u00a0 \u00a0 \u00a0 \u00a0 \u00a0 \u00a0 \u00a0 \u00a0<\/em><\/span><\/strong><\/span><\/td>\n<\/tr>\n<\/tbody>\n<\/table>\n<table style=\"font-size: 1rem; width: 100%; height: 147px;\">\n<tbody>\n<tr style=\"height: 147px;\">\n<td style=\"height: 147px;\">\n<ul>\n<li><span style=\"font-family: impact, sans-serif; font-size: 18pt;\"><span style=\"font-size: 14pt;\">B<span style=\"color: #800000;\">2<\/span>B<\/span> PROMOTION<\/span><\/li>\n<li><span style=\"font-family: impact, sans-serif; font-size: 18pt;\">Kundenjournale<br \/>\n<\/span><\/li>\n<li><span style=\"font-family: impact, sans-serif; font-size: 18pt;\">Eventpaper<\/span><br \/>\n<hr \/>\n<\/li>\n<\/ul>\n<\/td>\n<\/tr>\n<\/tbody>\n<\/table>\n<table style=\"border-collapse: collapse; width: 100%;\">\n<tbody>\n<tr>\n<td style=\"width: 100%;\"><a href=\"http:\/\/www.michael-minassian.eu\/wollen-sie-kontaktiert-werden\/\" target=\"_blank\" rel=\"noopener noreferrer\"><span style=\"font-family: 'arial black', sans-serif;\"><strong><img loading=\"lazy\" decoding=\"async\" class=\" wp-image-363 alignleft\" src=\"http:\/\/www.kunstinvestor.at\/media\/wp-content\/uploads\/pexels-photoxxx-2-300x200.jpg\" alt=\"\" width=\"130\" height=\"87\" srcset=\"http:\/\/www.kunstinvestor.at\/media\/wp-content\/uploads\/pexels-photoxxx-2-300x200.jpg 300w, http:\/\/www.kunstinvestor.at\/media\/wp-content\/uploads\/pexels-photoxxx-2.jpg 448w\" sizes=\"(max-width: 130px) 100vw, 130px\" \/><\/strong><\/span><\/a><br \/>\n<a style=\"color: #000000;\" href=\"http:\/\/www.michael-minassian.eu\/wollen-sie-kontaktiert-werden\/\" target=\"_blank\" rel=\"noopener noreferrer\"><span style=\"font-family: 'arial black', sans-serif;\"><strong>haben Sie Fragen?<br \/>\nWir rufen zur\u00fcck!<\/strong><\/span><\/a><\/td>\n<\/tr>\n<\/tbody>\n<\/table>\n","protected":false},"excerpt":{"rendered":"<p>Unser Redaktions-Team besteht aus Top-Journalisten der besten \u00f6sterreichischen Magazine und Tageszeitungen (Ress-orts Wirtschaft, Politik, Kultur &amp; Lifestyle). Sie haben gro\u00dfen Know-how und setzen mit ihrer Profess-ionalit\u00e4t und Kreativit\u00e4t auch Ihr Thema ins richtige Licht. Die Kommunikation braucht neben einer klaren Strategie, begleitende Beratung und perfekte Umsetzung. Konkret bedeutet das: imagef\u00f6rdernde Sichtbarkeit und ma\u00dfgeschneidertes Storytelling. Nur &hellip; <\/p>\n<p class=\"link-more\"><a href=\"http:\/\/www.kunstinvestor.at\/media\/promotion-redaktion\/\" class=\"more-link\"><span class=\"screen-reader-text\">\u201eDIE PROMOTION-REDAKTION\u201c<\/span> weiterlesen<\/a><\/p>\n","protected":false},"author":1,"featured_media":229,"parent":0,"menu_order":0,"comment_status":"closed","ping_status":"closed","template":"","meta":{"footnotes":""},"class_list":["post-418","page","type-page","status-publish","has-post-thumbnail","hentry"],"aioseo_notices":[],"_links":{"self":[{"href":"http:\/\/www.kunstinvestor.at\/media\/wp-json\/wp\/v2\/pages\/418"}],"collection":[{"href":"http:\/\/www.kunstinvestor.at\/media\/wp-json\/wp\/v2\/pages"}],"about":[{"href":"http:\/\/www.kunstinvestor.at\/media\/wp-json\/wp\/v2\/types\/page"}],"author":[{"embeddable":true,"href":"http:\/\/www.kunstinvestor.at\/media\/wp-json\/wp\/v2\/users\/1"}],"replies":[{"embeddable":true,"href":"http:\/\/www.kunstinvestor.at\/media\/wp-json\/wp\/v2\/comments?post=418"}],"version-history":[{"count":38,"href":"http:\/\/www.kunstinvestor.at\/media\/wp-json\/wp\/v2\/pages\/418\/revisions"}],"predecessor-version":[{"id":629,"href":"http:\/\/www.kunstinvestor.at\/media\/wp-json\/wp\/v2\/pages\/418\/revisions\/629"}],"wp:featuredmedia":[{"embeddable":true,"href":"http:\/\/www.kunstinvestor.at\/media\/wp-json\/wp\/v2\/media\/229"}],"wp:attachment":[{"href":"http:\/\/www.kunstinvestor.at\/media\/wp-json\/wp\/v2\/media?parent=418"}],"curies":[{"name":"wp","href":"https:\/\/api.w.org\/{rel}","templated":true}]}}